{"id":1447,"date":"2026-02-10T11:52:57","date_gmt":"2026-02-10T10:52:57","guid":{"rendered":"https:\/\/letincelledaurel.fr\/?post_type=product&#038;p=1447"},"modified":"2026-04-23T11:36:03","modified_gmt":"2026-04-23T09:36:03","slug":"bouquet-fondant-jolie-coeur","status":"publish","type":"product","link":"https:\/\/letincelledaurel.fr\/index.php\/produit\/bouquet-fondant-jolie-coeur\/","title":{"rendered":"Boule en verre Fondant Mon Coeur"},"content":{"rendered":"<p>Laissez-vous s\u00e9duire par sa d\u00e9licate fragrance fleurie, qui embaume votre int\u00e9rieur pendant 2 \u00e0 3 mois. Une fois son parfum diffus\u00e9, prolongez le plaisir en l\u2019utilisant comme fondant parfum\u00e9 dans un br\u00fble-parfum. Il vous suffit de le couper en deux : chaque moiti\u00e9 vous offrira encore 3 \u00e0 5 utilisations, pour une exp\u00e9rience olfactive durable et raffin\u00e9e.<\/p>\n<h4>Information<\/h4>\n<p>Cette composition florale est r\u00e9alis\u00e9e \u00e0 partir de fleurs s\u00e9ch\u00e9es soigneusement s\u00e9lectionn\u00e9es afin de cr\u00e9er une harmonie \u00e9l\u00e9gante et naturelle. Elle est accompagn\u00e9e d\u2019un fondant parfum\u00e9 de 21 g, con\u00e7u \u00e0 base de cire de coco et d\u00e9licatement parfum\u00e9 \u00e0 10 %, pour une diffusion subtile et agr\u00e9able.<\/p>\n<p>S\u2019agissant de model\u00e9 uniques, les photos ne sont pas contractuelles et les couleurs et les rendus peuvent l\u00e9g\u00e8rement changer<\/p>\n<h4>Pyramide olfactive<\/h4>\n<p><img fetchpriority=\"high\" decoding=\"async\" class=\"alignnone wp-image-1449 \" src=\"https:\/\/letincelledaurel.fr\/wp-content\/uploads\/2026\/02\/de-tete-6-e1770799980541-300x182.png\" alt=\"\" width=\"323\" height=\"196\" srcset=\"https:\/\/letincelledaurel.fr\/wp-content\/uploads\/2026\/02\/de-tete-6-e1770799980541-300x182.png 300w, https:\/\/letincelledaurel.fr\/wp-content\/uploads\/2026\/02\/de-tete-6-e1770799980541-600x364.png 600w, https:\/\/letincelledaurel.fr\/wp-content\/uploads\/2026\/02\/de-tete-6-e1770799980541.png 640w\" sizes=\"(max-width: 323px) 100vw, 323px\" \/><\/p>\n<h4>Conseil d\u2019utilisation<\/h4>\n<div>\n<div>\n<div>\n<p>Bonjour,<\/p>\n<\/div>\n<div>\n<p>Pour une meilleure utilisation et un meilleur rendu olfactif voici quelques conseils :<\/p>\n<\/div>\n<div>\n<p>&#8211; D\u00e9poser une petite quantit\u00e9 de votre fondant dans votre br\u00fble-parfum.<\/p>\n<\/div>\n<div>\n<p>&#8211; Laisser diffuser l\u2019odeur 10-15 minutes en fonction de la superficie de la pi\u00e8ce.<\/p>\n<\/div>\n<div>\n<p>&#8211; Votre fondant peut-\u00eatre utilis\u00e9 plusieurs fois.<\/p>\n<\/div>\n<div>\n<p>&#8211; lorsqu\u2019il n\u2019a plus d\u2019odeur essuyer la cire encore liquide avec un essuie-tout et jeter le \u00e0 la poubelle.<\/p>\n<\/div>\n<div>\n<p>J\u2019esp\u00e8re que cette exp\u00e9rience olfactive vous plaira.<\/p>\n<\/div>\n<\/div>\n<\/div>\n<h4>Pr\u00e9cautions d\u2019utilisation<\/h4>\n<p>Ne jamais laisser une bougie sans surveillance.<br \/>\nToujours placer votre bougie sur une surface plane.<br \/>\nNe jamais bouger, d\u00e9placer ou soulever le brule parfum allum\u00e9e<br \/>\n<strong>Tenir hors de port\u00e9e des enfants et des animaux<\/strong><\/p>\n<h4><strong>Etiquette<\/strong><\/h4>\n<p><img decoding=\"async\" class=\"alignnone size-medium wp-image-1451\" src=\"https:\/\/letincelledaurel.fr\/wp-content\/uploads\/2026\/02\/fondant-parfumee-mon-coeur-300x211.png\" alt=\"\" width=\"300\" height=\"211\" srcset=\"https:\/\/letincelledaurel.fr\/wp-content\/uploads\/2026\/02\/fondant-parfumee-mon-coeur-300x211.png 300w, https:\/\/letincelledaurel.fr\/wp-content\/uploads\/2026\/02\/fondant-parfumee-mon-coeur-768x540.png 768w, https:\/\/letincelledaurel.fr\/wp-content\/uploads\/2026\/02\/fondant-parfumee-mon-coeur-600x422.png 600w, https:\/\/letincelledaurel.fr\/wp-content\/uploads\/2026\/02\/fondant-parfumee-mon-coeur.png 800w\" sizes=\"(max-width: 300px) 100vw, 300px\" \/><\/p>\n<p>&nbsp;<\/p>\n","protected":false},"excerpt":{"rendered":"<p>Laissez-vous s\u00e9duire par sa d\u00e9licate fragrance fleurie, qui embaume votre int\u00e9rieur pendant 2 \u00e0 3 mois. Une fois son parfum diffus\u00e9, prolongez le plaisir en l\u2019utilisant comme fondant parfum\u00e9 dans un br\u00fble-parfum. Il vous suffit de le couper en deux : chaque moiti\u00e9 vous offrira encore 3 \u00e0 5 utilisations, pour une exp\u00e9rience olfactive durable et raffin\u00e9e.<\/p>\n","protected":false},"featured_media":1558,"template":"","meta":{"_eb_attr":"","site-sidebar-layout":"default","site-content-layout":"","ast-site-content-layout":"default","site-content-style":"default","site-sidebar-style":"default","ast-global-header-display":"","ast-banner-title-visibility":"","ast-main-header-display":"","ast-hfb-above-header-display":"","ast-hfb-below-header-display":"","ast-hfb-mobile-header-display":"","site-post-title":"","ast-breadcrumbs-content":"","ast-featured-img":"","footer-sml-layout":"","ast-disable-related-posts":"","theme-transparent-header-meta":"default","adv-header-id-meta":"","stick-header-meta":"","header-above-stick-meta":"","header-main-stick-meta":"","header-below-stick-meta":"","astra-migrate-meta-layouts":"set","ast-page-background-enabled":"default","ast-page-background-meta":{"desktop":{"background-color":"var(--ast-global-color-5)","background-image":"","background-repeat":"repeat","background-position":"center center","background-size":"auto","background-attachment":"scroll","background-type":"","background-media":"","overlay-type":"","overlay-color":"","overlay-opacity":"","overlay-gradient":""},"tablet":{"background-color":"","background-image":"","background-repeat":"repeat","background-position":"center center","background-size":"auto","background-attachment":"scroll","background-type":"","background-media":"","overlay-type":"","overlay-color":"","overlay-opacity":"","overlay-gradient":""},"mobile":{"background-color":"","background-image":"","background-repeat":"repeat","background-position":"center center","background-size":"auto","background-attachment":"scroll","background-type":"","background-media":"","overlay-type":"","overlay-color":"","overlay-opacity":"","overlay-gradient":""}},"ast-content-background-meta":{"desktop":{"background-color":"var(--ast-global-color-4)","background-image":"","background-repeat":"repeat","background-position":"center center","background-size":"auto","background-attachment":"scroll","background-type":"","background-media":"","overlay-type":"","overlay-color":"","overlay-opacity":"","overlay-gradient":""},"tablet":{"background-color":"var(--ast-global-color-4)","background-image":"","background-repeat":"repeat","background-position":"center center","background-size":"auto","background-attachment":"scroll","background-type":"","background-media":"","overlay-type":"","overlay-color":"","overlay-opacity":"","overlay-gradient":""},"mobile":{"background-color":"var(--ast-global-color-4)","background-image":"","background-repeat":"repeat","background-position":"center center","background-size":"auto","background-attachment":"scroll","background-type":"","background-media":"","overlay-type":"","overlay-color":"","overlay-opacity":"","overlay-gradient":""}}},"product_brand":[],"product_cat":[52],"product_tag":[],"class_list":{"0":"post-1447","1":"product","2":"type-product","3":"status-publish","4":"has-post-thumbnail","6":"product_cat-fondant-parfume-et-fleurs-sechees","7":"desktop-align-left","8":"tablet-align-left","9":"mobile-align-left","11":"first","12":"instock","13":"shipping-taxable","14":"purchasable","15":"product-type-simple"},"yoast_head":"<!-- This site is optimized with the Yoast SEO plugin v27.4 - https:\/\/yoast.com\/product\/yoast-seo-wordpress\/ -->\n<title>Boule en verre Fondant Mon Coeur - L&#039;\u00c9tincelle d&#039;Aurel<\/title>\n<meta name=\"robots\" content=\"index, follow, max-snippet:-1, max-image-preview:large, max-video-preview:-1\" \/>\n<link rel=\"canonical\" href=\"https:\/\/letincelledaurel.fr\/index.php\/produit\/bouquet-fondant-jolie-coeur\/\" \/>\n<meta property=\"og:locale\" content=\"fr_FR\" \/>\n<meta property=\"og:type\" content=\"article\" \/>\n<meta property=\"og:title\" content=\"Boule en verre Fondant Mon Coeur - L&#039;\u00c9tincelle d&#039;Aurel\" \/>\n<meta property=\"og:description\" content=\"Laissez-vous s\u00e9duire par sa d\u00e9licate fragrance fleurie, qui embaume votre int\u00e9rieur pendant 2 \u00e0 3 mois. Une fois son parfum diffus\u00e9, prolongez le plaisir en l\u2019utilisant comme fondant parfum\u00e9 dans un br\u00fble-parfum. Il vous suffit de le couper en deux : chaque moiti\u00e9 vous offrira encore 3 \u00e0 5 utilisations, pour une exp\u00e9rience olfactive durable et raffin\u00e9e.\" \/>\n<meta property=\"og:url\" content=\"https:\/\/letincelledaurel.fr\/index.php\/produit\/bouquet-fondant-jolie-coeur\/\" \/>\n<meta property=\"og:site_name\" content=\"L&#039;\u00c9tincelle d&#039;Aurel\" \/>\n<meta property=\"article:publisher\" content=\"https:\/\/www.facebook.com\/people\/Ltincelle-dAurel\/61566151084639\/\" \/>\n<meta property=\"article:modified_time\" content=\"2026-04-23T09:36:03+00:00\" \/>\n<meta property=\"og:image\" content=\"https:\/\/letincelledaurel.fr\/wp-content\/uploads\/2026\/04\/IMG_0789.png\" \/>\n\t<meta property=\"og:image:width\" content=\"896\" \/>\n\t<meta property=\"og:image:height\" content=\"1195\" \/>\n\t<meta property=\"og:image:type\" content=\"image\/png\" \/>\n<meta name=\"twitter:card\" content=\"summary_large_image\" \/>\n<meta name=\"twitter:label1\" content=\"Dur\u00e9e de lecture estim\u00e9e\" \/>\n\t<meta name=\"twitter:data1\" content=\"2 minutes\" \/>\n<script type=\"application\/ld+json\" class=\"yoast-schema-graph\">{\"@context\":\"https:\\\/\\\/schema.org\",\"@graph\":[{\"@type\":\"WebPage\",\"@id\":\"https:\\\/\\\/letincelledaurel.fr\\\/index.php\\\/produit\\\/bouquet-fondant-jolie-coeur\\\/\",\"url\":\"https:\\\/\\\/letincelledaurel.fr\\\/index.php\\\/produit\\\/bouquet-fondant-jolie-coeur\\\/\",\"name\":\"Boule en verre Fondant Mon Coeur - L&#039;\u00c9tincelle d&#039;Aurel\",\"isPartOf\":{\"@id\":\"https:\\\/\\\/letincelledaurel.fr\\\/#website\"},\"primaryImageOfPage\":{\"@id\":\"https:\\\/\\\/letincelledaurel.fr\\\/index.php\\\/produit\\\/bouquet-fondant-jolie-coeur\\\/#primaryimage\"},\"image\":{\"@id\":\"https:\\\/\\\/letincelledaurel.fr\\\/index.php\\\/produit\\\/bouquet-fondant-jolie-coeur\\\/#primaryimage\"},\"thumbnailUrl\":\"https:\\\/\\\/letincelledaurel.fr\\\/wp-content\\\/uploads\\\/2026\\\/04\\\/IMG_0789.png\",\"datePublished\":\"2026-02-10T10:52:57+00:00\",\"dateModified\":\"2026-04-23T09:36:03+00:00\",\"breadcrumb\":{\"@id\":\"https:\\\/\\\/letincelledaurel.fr\\\/index.php\\\/produit\\\/bouquet-fondant-jolie-coeur\\\/#breadcrumb\"},\"inLanguage\":\"fr-FR\",\"potentialAction\":[{\"@type\":\"ReadAction\",\"target\":[\"https:\\\/\\\/letincelledaurel.fr\\\/index.php\\\/produit\\\/bouquet-fondant-jolie-coeur\\\/\"]}]},{\"@type\":\"ImageObject\",\"inLanguage\":\"fr-FR\",\"@id\":\"https:\\\/\\\/letincelledaurel.fr\\\/index.php\\\/produit\\\/bouquet-fondant-jolie-coeur\\\/#primaryimage\",\"url\":\"https:\\\/\\\/letincelledaurel.fr\\\/wp-content\\\/uploads\\\/2026\\\/04\\\/IMG_0789.png\",\"contentUrl\":\"https:\\\/\\\/letincelledaurel.fr\\\/wp-content\\\/uploads\\\/2026\\\/04\\\/IMG_0789.png\",\"width\":896,\"height\":1195},{\"@type\":\"BreadcrumbList\",\"@id\":\"https:\\\/\\\/letincelledaurel.fr\\\/index.php\\\/produit\\\/bouquet-fondant-jolie-coeur\\\/#breadcrumb\",\"itemListElement\":[{\"@type\":\"ListItem\",\"position\":1,\"name\":\"Accueil\",\"item\":\"https:\\\/\\\/letincelledaurel.fr\\\/\"},{\"@type\":\"ListItem\",\"position\":2,\"name\":\"Boutique\",\"item\":\"https:\\\/\\\/letincelledaurel.fr\\\/index.php\\\/boutique\\\/\"},{\"@type\":\"ListItem\",\"position\":3,\"name\":\"Boule en verre Fondant Mon Coeur\"}]},{\"@type\":\"WebSite\",\"@id\":\"https:\\\/\\\/letincelledaurel.fr\\\/#website\",\"url\":\"https:\\\/\\\/letincelledaurel.fr\\\/\",\"name\":\"L'\u00c9tincelle d'Aurel\",\"description\":\"Un site utilisant WordPress\",\"publisher\":{\"@id\":\"https:\\\/\\\/letincelledaurel.fr\\\/#organization\"},\"potentialAction\":[{\"@type\":\"SearchAction\",\"target\":{\"@type\":\"EntryPoint\",\"urlTemplate\":\"https:\\\/\\\/letincelledaurel.fr\\\/?s={search_term_string}\"},\"query-input\":{\"@type\":\"PropertyValueSpecification\",\"valueRequired\":true,\"valueName\":\"search_term_string\"}}],\"inLanguage\":\"fr-FR\"},{\"@type\":\"Organization\",\"@id\":\"https:\\\/\\\/letincelledaurel.fr\\\/#organization\",\"name\":\"L'\u00c9tincelle d'Aurel\",\"url\":\"https:\\\/\\\/letincelledaurel.fr\\\/\",\"logo\":{\"@type\":\"ImageObject\",\"inLanguage\":\"fr-FR\",\"@id\":\"https:\\\/\\\/letincelledaurel.fr\\\/#\\\/schema\\\/logo\\\/image\\\/\",\"url\":\"https:\\\/\\\/letincelledaurel.fr\\\/wp-content\\\/uploads\\\/2025\\\/02\\\/cropped-Group-3-6-1.png\",\"contentUrl\":\"https:\\\/\\\/letincelledaurel.fr\\\/wp-content\\\/uploads\\\/2025\\\/02\\\/cropped-Group-3-6-1.png\",\"width\":943,\"height\":984,\"caption\":\"L'\u00c9tincelle d'Aurel\"},\"image\":{\"@id\":\"https:\\\/\\\/letincelledaurel.fr\\\/#\\\/schema\\\/logo\\\/image\\\/\"},\"sameAs\":[\"https:\\\/\\\/www.facebook.com\\\/people\\\/Ltincelle-dAurel\\\/61566151084639\\\/\",\"https:\\\/\\\/www.instagram.com\\\/letincelledaurel\\\/\"]}]}<\/script>\n<!-- \/ Yoast SEO plugin. -->","yoast_head_json":{"title":"Boule en verre Fondant Mon Coeur - L&#039;\u00c9tincelle d&#039;Aurel","robots":{"index":"index","follow":"follow","max-snippet":"max-snippet:-1","max-image-preview":"max-image-preview:large","max-video-preview":"max-video-preview:-1"},"canonical":"https:\/\/letincelledaurel.fr\/index.php\/produit\/bouquet-fondant-jolie-coeur\/","og_locale":"fr_FR","og_type":"article","og_title":"Boule en verre Fondant Mon Coeur - L&#039;\u00c9tincelle d&#039;Aurel","og_description":"Laissez-vous s\u00e9duire par sa d\u00e9licate fragrance fleurie, qui embaume votre int\u00e9rieur pendant 2 \u00e0 3 mois. Une fois son parfum diffus\u00e9, prolongez le plaisir en l\u2019utilisant comme fondant parfum\u00e9 dans un br\u00fble-parfum. Il vous suffit de le couper en deux : chaque moiti\u00e9 vous offrira encore 3 \u00e0 5 utilisations, pour une exp\u00e9rience olfactive durable et raffin\u00e9e.","og_url":"https:\/\/letincelledaurel.fr\/index.php\/produit\/bouquet-fondant-jolie-coeur\/","og_site_name":"L&#039;\u00c9tincelle d&#039;Aurel","article_publisher":"https:\/\/www.facebook.com\/people\/Ltincelle-dAurel\/61566151084639\/","article_modified_time":"2026-04-23T09:36:03+00:00","og_image":[{"width":896,"height":1195,"url":"https:\/\/letincelledaurel.fr\/wp-content\/uploads\/2026\/04\/IMG_0789.png","type":"image\/png"}],"twitter_card":"summary_large_image","twitter_misc":{"Dur\u00e9e de lecture estim\u00e9e":"2 minutes"},"schema":{"@context":"https:\/\/schema.org","@graph":[{"@type":"WebPage","@id":"https:\/\/letincelledaurel.fr\/index.php\/produit\/bouquet-fondant-jolie-coeur\/","url":"https:\/\/letincelledaurel.fr\/index.php\/produit\/bouquet-fondant-jolie-coeur\/","name":"Boule en verre Fondant Mon Coeur - L&#039;\u00c9tincelle d&#039;Aurel","isPartOf":{"@id":"https:\/\/letincelledaurel.fr\/#website"},"primaryImageOfPage":{"@id":"https:\/\/letincelledaurel.fr\/index.php\/produit\/bouquet-fondant-jolie-coeur\/#primaryimage"},"image":{"@id":"https:\/\/letincelledaurel.fr\/index.php\/produit\/bouquet-fondant-jolie-coeur\/#primaryimage"},"thumbnailUrl":"https:\/\/letincelledaurel.fr\/wp-content\/uploads\/2026\/04\/IMG_0789.png","datePublished":"2026-02-10T10:52:57+00:00","dateModified":"2026-04-23T09:36:03+00:00","breadcrumb":{"@id":"https:\/\/letincelledaurel.fr\/index.php\/produit\/bouquet-fondant-jolie-coeur\/#breadcrumb"},"inLanguage":"fr-FR","potentialAction":[{"@type":"ReadAction","target":["https:\/\/letincelledaurel.fr\/index.php\/produit\/bouquet-fondant-jolie-coeur\/"]}]},{"@type":"ImageObject","inLanguage":"fr-FR","@id":"https:\/\/letincelledaurel.fr\/index.php\/produit\/bouquet-fondant-jolie-coeur\/#primaryimage","url":"https:\/\/letincelledaurel.fr\/wp-content\/uploads\/2026\/04\/IMG_0789.png","contentUrl":"https:\/\/letincelledaurel.fr\/wp-content\/uploads\/2026\/04\/IMG_0789.png","width":896,"height":1195},{"@type":"BreadcrumbList","@id":"https:\/\/letincelledaurel.fr\/index.php\/produit\/bouquet-fondant-jolie-coeur\/#breadcrumb","itemListElement":[{"@type":"ListItem","position":1,"name":"Accueil","item":"https:\/\/letincelledaurel.fr\/"},{"@type":"ListItem","position":2,"name":"Boutique","item":"https:\/\/letincelledaurel.fr\/index.php\/boutique\/"},{"@type":"ListItem","position":3,"name":"Boule en verre Fondant Mon Coeur"}]},{"@type":"WebSite","@id":"https:\/\/letincelledaurel.fr\/#website","url":"https:\/\/letincelledaurel.fr\/","name":"L'\u00c9tincelle d'Aurel","description":"Un site utilisant WordPress","publisher":{"@id":"https:\/\/letincelledaurel.fr\/#organization"},"potentialAction":[{"@type":"SearchAction","target":{"@type":"EntryPoint","urlTemplate":"https:\/\/letincelledaurel.fr\/?s={search_term_string}"},"query-input":{"@type":"PropertyValueSpecification","valueRequired":true,"valueName":"search_term_string"}}],"inLanguage":"fr-FR"},{"@type":"Organization","@id":"https:\/\/letincelledaurel.fr\/#organization","name":"L'\u00c9tincelle d'Aurel","url":"https:\/\/letincelledaurel.fr\/","logo":{"@type":"ImageObject","inLanguage":"fr-FR","@id":"https:\/\/letincelledaurel.fr\/#\/schema\/logo\/image\/","url":"https:\/\/letincelledaurel.fr\/wp-content\/uploads\/2025\/02\/cropped-Group-3-6-1.png","contentUrl":"https:\/\/letincelledaurel.fr\/wp-content\/uploads\/2025\/02\/cropped-Group-3-6-1.png","width":943,"height":984,"caption":"L'\u00c9tincelle d'Aurel"},"image":{"@id":"https:\/\/letincelledaurel.fr\/#\/schema\/logo\/image\/"},"sameAs":["https:\/\/www.facebook.com\/people\/Ltincelle-dAurel\/61566151084639\/","https:\/\/www.instagram.com\/letincelledaurel\/"]}]}},"_links":{"self":[{"href":"https:\/\/letincelledaurel.fr\/index.php\/wp-json\/wp\/v2\/product\/1447","targetHints":{"allow":["GET"]}}],"collection":[{"href":"https:\/\/letincelledaurel.fr\/index.php\/wp-json\/wp\/v2\/product"}],"about":[{"href":"https:\/\/letincelledaurel.fr\/index.php\/wp-json\/wp\/v2\/types\/product"}],"version-history":[{"count":8,"href":"https:\/\/letincelledaurel.fr\/index.php\/wp-json\/wp\/v2\/product\/1447\/revisions"}],"predecessor-version":[{"id":1515,"href":"https:\/\/letincelledaurel.fr\/index.php\/wp-json\/wp\/v2\/product\/1447\/revisions\/1515"}],"wp:featuredmedia":[{"embeddable":true,"href":"https:\/\/letincelledaurel.fr\/index.php\/wp-json\/wp\/v2\/media\/1558"}],"wp:attachment":[{"href":"https:\/\/letincelledaurel.fr\/index.php\/wp-json\/wp\/v2\/media?parent=1447"}],"wp:term":[{"taxonomy":"product_brand","embeddable":true,"href":"https:\/\/letincelledaurel.fr\/index.php\/wp-json\/wp\/v2\/product_brand?post=1447"},{"taxonomy":"product_cat","embeddable":true,"href":"https:\/\/letincelledaurel.fr\/index.php\/wp-json\/wp\/v2\/product_cat?post=1447"},{"taxonomy":"product_tag","embeddable":true,"href":"https:\/\/letincelledaurel.fr\/index.php\/wp-json\/wp\/v2\/product_tag?post=1447"}],"curies":[{"name":"wp","href":"https:\/\/api.w.org\/{rel}","templated":true}]}}