{"id":209,"date":"2024-11-03T14:12:17","date_gmt":"2024-11-03T13:12:17","guid":{"rendered":"https:\/\/letincelledaurel.fr\/?post_type=product&#038;p=209"},"modified":"2026-04-23T11:58:05","modified_gmt":"2026-04-23T09:58:05","slug":"suspension-odeur-de-plage","status":"publish","type":"product","link":"https:\/\/letincelledaurel.fr\/index.php\/produit\/suspension-odeur-de-plage\/","title":{"rendered":"Suspension odeur de plage"},"content":{"rendered":"<p>Suspension qui s&rsquo;utilise\u00a0 pendant environ 3 mois,<\/p>\n<ul>\n<li>\n<p data-path-to-node=\"5,0,0\"><b data-path-to-node=\"5,0,0\" data-index-in-node=\"0\">parfum \u00e9vocateur :<\/b> laissez-vous emporter par des notes de coco qui rappelle le soleil, les vacances et la plage.<\/p>\n<\/li>\n<li>\n<p data-path-to-node=\"5,1,0\"><b data-path-to-node=\"5,1,0\" data-index-in-node=\"0\">mat\u00e9riaux naturels :<\/b> cire v\u00e9g\u00e9tale, coquillages v\u00e9ritables et fleurs s\u00e9ch\u00e9es, pour une cr\u00e9ation unique et respectueuse de l&rsquo;environnement.<\/p>\n<\/li>\n<li>\n<p data-path-to-node=\"5,2,0\"><b data-path-to-node=\"5,2,0\" data-index-in-node=\"0\">utilisation polyvalente :<\/b> suspendez-la dans votre salon, votre chambre ou m\u00eame votre dressing pour une diffusion subtile et durable du parfum.<\/p>\n<\/li>\n<\/ul>\n<h4>Information<\/h4>\n<p>Compos\u00e9 de 20g de cire de coco.<br \/>\nPratique dans le tiroir d\u2019une commode ou dans un placard ferm\u00e9.<br \/>\nDe pr\u00e9f\u00e9rence \u00e9viter le contacte directe avec la cire sur vos v\u00eatements.<br \/>\nS\u2019agissant de model\u00e9 uniques, les photos ne sont pas contractuelles et les couleurs et les rendus peuvent l\u00e9g\u00e8rement changer.<\/p>\n<h4>Pyramide Olfactive<\/h4>\n<p><img fetchpriority=\"high\" decoding=\"async\" class=\"alignnone wp-image-210\" src=\"https:\/\/letincelledaurel.fr\/wp-content\/uploads\/2024\/11\/Note-3-300x123.png\" alt=\"\" width=\"800\" height=\"328\" srcset=\"https:\/\/letincelledaurel.fr\/wp-content\/uploads\/2024\/11\/Note-3-300x123.png 300w, https:\/\/letincelledaurel.fr\/wp-content\/uploads\/2024\/11\/Note-3-1024x420.png 1024w, https:\/\/letincelledaurel.fr\/wp-content\/uploads\/2024\/11\/Note-3-768x315.png 768w, https:\/\/letincelledaurel.fr\/wp-content\/uploads\/2024\/11\/Note-3-1536x629.png 1536w, https:\/\/letincelledaurel.fr\/wp-content\/uploads\/2024\/11\/Note-3-2048x839.png 2048w, https:\/\/letincelledaurel.fr\/wp-content\/uploads\/2024\/11\/Note-3-600x246.png 600w\" sizes=\"(max-width: 800px) 100vw, 800px\" \/><\/p>\n<h4>Conseil d\u2019utilisation<\/h4>\n<p>Ne pas la poser directement sur les v\u00eatements.<br \/>\nPr\u00e9cautions d\u2019utilisation<br \/>\n<strong>Tenir hors de port\u00e9e des enfants et des animaux<\/strong><\/p>\n<h4>\u00c9tiquette<\/h4>\n<p><img decoding=\"async\" class=\"alignnone wp-image-1068\" src=\"https:\/\/letincelledaurel.fr\/wp-content\/uploads\/2024\/11\/suspension-parfumee-odeur-de-plage-300x209.jpg\" alt=\"\" width=\"455\" height=\"317\" srcset=\"https:\/\/letincelledaurel.fr\/wp-content\/uploads\/2024\/11\/suspension-parfumee-odeur-de-plage-300x209.jpg 300w, https:\/\/letincelledaurel.fr\/wp-content\/uploads\/2024\/11\/suspension-parfumee-odeur-de-plage-768x535.jpg 768w, https:\/\/letincelledaurel.fr\/wp-content\/uploads\/2024\/11\/suspension-parfumee-odeur-de-plage-600x418.jpg 600w, https:\/\/letincelledaurel.fr\/wp-content\/uploads\/2024\/11\/suspension-parfumee-odeur-de-plage.jpg 800w\" sizes=\"(max-width: 455px) 100vw, 455px\" \/><\/p>\n","protected":false},"excerpt":{"rendered":"<p>C\u2019est une suspension qui diffuse pendant environ 3 mois, une douce odeur de coco qui rappelle le soleil, les vacances et la plage.<br \/>\nElle est compos\u00e9 de petits coquillages, de petits cailloux et de fleurs s\u00e9ch\u00e9es qui peuvent vari\u00e9e car je les ramasses durant mes vacances.<\/p>\n","protected":false},"featured_media":1578,"template":"","meta":{"_eb_attr":"","site-sidebar-layout":"default","site-content-layout":"","ast-site-content-layout":"default","site-content-style":"default","site-sidebar-style":"default","ast-global-header-display":"","ast-banner-title-visibility":"","ast-main-header-display":"","ast-hfb-above-header-display":"","ast-hfb-below-header-display":"","ast-hfb-mobile-header-display":"","site-post-title":"","ast-breadcrumbs-content":"","ast-featured-img":"","footer-sml-layout":"","ast-disable-related-posts":"","theme-transparent-header-meta":"default","adv-header-id-meta":"","stick-header-meta":"","header-above-stick-meta":"","header-main-stick-meta":"","header-below-stick-meta":"","astra-migrate-meta-layouts":"set","ast-page-background-enabled":"default","ast-page-background-meta":{"desktop":{"background-color":"var(--ast-global-color-5)","background-image":"","background-repeat":"repeat","background-position":"center center","background-size":"auto","background-attachment":"scroll","background-type":"","background-media":"","overlay-type":"","overlay-color":"","overlay-opacity":"","overlay-gradient":""},"tablet":{"background-color":"","background-image":"","background-repeat":"repeat","background-position":"center center","background-size":"auto","background-attachment":"scroll","background-type":"","background-media":"","overlay-type":"","overlay-color":"","overlay-opacity":"","overlay-gradient":""},"mobile":{"background-color":"","background-image":"","background-repeat":"repeat","background-position":"center center","background-size":"auto","background-attachment":"scroll","background-type":"","background-media":"","overlay-type":"","overlay-color":"","overlay-opacity":"","overlay-gradient":""}},"ast-content-background-meta":{"desktop":{"background-color":"var(--ast-global-color-4)","background-image":"","background-repeat":"repeat","background-position":"center center","background-size":"auto","background-attachment":"scroll","background-type":"","background-media":"","overlay-type":"","overlay-color":"","overlay-opacity":"","overlay-gradient":""},"tablet":{"background-color":"var(--ast-global-color-4)","background-image":"","background-repeat":"repeat","background-position":"center center","background-size":"auto","background-attachment":"scroll","background-type":"","background-media":"","overlay-type":"","overlay-color":"","overlay-opacity":"","overlay-gradient":""},"mobile":{"background-color":"var(--ast-global-color-4)","background-image":"","background-repeat":"repeat","background-position":"center center","background-size":"auto","background-attachment":"scroll","background-type":"","background-media":"","overlay-type":"","overlay-color":"","overlay-opacity":"","overlay-gradient":""}}},"product_brand":[],"product_cat":[20,26],"product_tag":[],"class_list":{"0":"post-209","1":"product","2":"type-product","3":"status-publish","4":"has-post-thumbnail","6":"product_cat-bougies","7":"product_cat-suspensions-parfumees","8":"desktop-align-left","9":"tablet-align-left","10":"mobile-align-left","12":"first","13":"instock","14":"shipping-taxable","15":"purchasable","16":"product-type-simple"},"yoast_head":"<!-- This site is optimized with the Yoast SEO plugin v27.4 - https:\/\/yoast.com\/product\/yoast-seo-wordpress\/ -->\n<title>Suspension odeur de plage - L&#039;\u00c9tincelle d&#039;Aurel<\/title>\n<meta name=\"robots\" content=\"index, follow, max-snippet:-1, max-image-preview:large, max-video-preview:-1\" \/>\n<link rel=\"canonical\" href=\"https:\/\/letincelledaurel.fr\/index.php\/produit\/suspension-odeur-de-plage\/\" \/>\n<meta property=\"og:locale\" content=\"fr_FR\" \/>\n<meta property=\"og:type\" content=\"article\" \/>\n<meta property=\"og:title\" content=\"Suspension odeur de plage - L&#039;\u00c9tincelle d&#039;Aurel\" \/>\n<meta property=\"og:description\" content=\"C\u2019est une suspension qui diffuse pendant environ 3 mois, une douce odeur de coco qui rappelle le soleil, les vacances et la plage. Elle est compos\u00e9 de petits coquillages, de petits cailloux et de fleurs s\u00e9ch\u00e9es qui peuvent vari\u00e9e car je les ramasses durant mes vacances.\" \/>\n<meta property=\"og:url\" content=\"https:\/\/letincelledaurel.fr\/index.php\/produit\/suspension-odeur-de-plage\/\" \/>\n<meta property=\"og:site_name\" content=\"L&#039;\u00c9tincelle d&#039;Aurel\" \/>\n<meta property=\"article:publisher\" content=\"https:\/\/www.facebook.com\/people\/Ltincelle-dAurel\/61566151084639\/\" \/>\n<meta property=\"article:modified_time\" content=\"2026-04-23T09:58:05+00:00\" \/>\n<meta property=\"og:image\" content=\"https:\/\/letincelledaurel.fr\/wp-content\/uploads\/2024\/11\/Gemini_Generated_Image_aeylu1aeylu1aeyl.png\" \/>\n\t<meta property=\"og:image:width\" content=\"896\" \/>\n\t<meta property=\"og:image:height\" content=\"1195\" \/>\n\t<meta property=\"og:image:type\" content=\"image\/png\" \/>\n<meta name=\"twitter:card\" content=\"summary_large_image\" \/>\n<meta name=\"twitter:label1\" content=\"Dur\u00e9e de lecture estim\u00e9e\" \/>\n\t<meta name=\"twitter:data1\" content=\"2 minutes\" \/>\n<script type=\"application\/ld+json\" class=\"yoast-schema-graph\">{\"@context\":\"https:\\\/\\\/schema.org\",\"@graph\":[{\"@type\":\"WebPage\",\"@id\":\"https:\\\/\\\/letincelledaurel.fr\\\/index.php\\\/produit\\\/suspension-odeur-de-plage\\\/\",\"url\":\"https:\\\/\\\/letincelledaurel.fr\\\/index.php\\\/produit\\\/suspension-odeur-de-plage\\\/\",\"name\":\"Suspension odeur de plage - L&#039;\u00c9tincelle d&#039;Aurel\",\"isPartOf\":{\"@id\":\"https:\\\/\\\/letincelledaurel.fr\\\/#website\"},\"primaryImageOfPage\":{\"@id\":\"https:\\\/\\\/letincelledaurel.fr\\\/index.php\\\/produit\\\/suspension-odeur-de-plage\\\/#primaryimage\"},\"image\":{\"@id\":\"https:\\\/\\\/letincelledaurel.fr\\\/index.php\\\/produit\\\/suspension-odeur-de-plage\\\/#primaryimage\"},\"thumbnailUrl\":\"https:\\\/\\\/letincelledaurel.fr\\\/wp-content\\\/uploads\\\/2024\\\/11\\\/Gemini_Generated_Image_aeylu1aeylu1aeyl.png\",\"datePublished\":\"2024-11-03T13:12:17+00:00\",\"dateModified\":\"2026-04-23T09:58:05+00:00\",\"breadcrumb\":{\"@id\":\"https:\\\/\\\/letincelledaurel.fr\\\/index.php\\\/produit\\\/suspension-odeur-de-plage\\\/#breadcrumb\"},\"inLanguage\":\"fr-FR\",\"potentialAction\":[{\"@type\":\"ReadAction\",\"target\":[\"https:\\\/\\\/letincelledaurel.fr\\\/index.php\\\/produit\\\/suspension-odeur-de-plage\\\/\"]}]},{\"@type\":\"ImageObject\",\"inLanguage\":\"fr-FR\",\"@id\":\"https:\\\/\\\/letincelledaurel.fr\\\/index.php\\\/produit\\\/suspension-odeur-de-plage\\\/#primaryimage\",\"url\":\"https:\\\/\\\/letincelledaurel.fr\\\/wp-content\\\/uploads\\\/2024\\\/11\\\/Gemini_Generated_Image_aeylu1aeylu1aeyl.png\",\"contentUrl\":\"https:\\\/\\\/letincelledaurel.fr\\\/wp-content\\\/uploads\\\/2024\\\/11\\\/Gemini_Generated_Image_aeylu1aeylu1aeyl.png\",\"width\":896,\"height\":1195},{\"@type\":\"BreadcrumbList\",\"@id\":\"https:\\\/\\\/letincelledaurel.fr\\\/index.php\\\/produit\\\/suspension-odeur-de-plage\\\/#breadcrumb\",\"itemListElement\":[{\"@type\":\"ListItem\",\"position\":1,\"name\":\"Accueil\",\"item\":\"https:\\\/\\\/letincelledaurel.fr\\\/\"},{\"@type\":\"ListItem\",\"position\":2,\"name\":\"Boutique\",\"item\":\"https:\\\/\\\/letincelledaurel.fr\\\/index.php\\\/boutique\\\/\"},{\"@type\":\"ListItem\",\"position\":3,\"name\":\"Suspension odeur de plage\"}]},{\"@type\":\"WebSite\",\"@id\":\"https:\\\/\\\/letincelledaurel.fr\\\/#website\",\"url\":\"https:\\\/\\\/letincelledaurel.fr\\\/\",\"name\":\"L'\u00c9tincelle d'Aurel\",\"description\":\"Un site utilisant WordPress\",\"publisher\":{\"@id\":\"https:\\\/\\\/letincelledaurel.fr\\\/#organization\"},\"potentialAction\":[{\"@type\":\"SearchAction\",\"target\":{\"@type\":\"EntryPoint\",\"urlTemplate\":\"https:\\\/\\\/letincelledaurel.fr\\\/?s={search_term_string}\"},\"query-input\":{\"@type\":\"PropertyValueSpecification\",\"valueRequired\":true,\"valueName\":\"search_term_string\"}}],\"inLanguage\":\"fr-FR\"},{\"@type\":\"Organization\",\"@id\":\"https:\\\/\\\/letincelledaurel.fr\\\/#organization\",\"name\":\"L'\u00c9tincelle d'Aurel\",\"url\":\"https:\\\/\\\/letincelledaurel.fr\\\/\",\"logo\":{\"@type\":\"ImageObject\",\"inLanguage\":\"fr-FR\",\"@id\":\"https:\\\/\\\/letincelledaurel.fr\\\/#\\\/schema\\\/logo\\\/image\\\/\",\"url\":\"https:\\\/\\\/letincelledaurel.fr\\\/wp-content\\\/uploads\\\/2025\\\/02\\\/cropped-Group-3-6-1.png\",\"contentUrl\":\"https:\\\/\\\/letincelledaurel.fr\\\/wp-content\\\/uploads\\\/2025\\\/02\\\/cropped-Group-3-6-1.png\",\"width\":943,\"height\":984,\"caption\":\"L'\u00c9tincelle d'Aurel\"},\"image\":{\"@id\":\"https:\\\/\\\/letincelledaurel.fr\\\/#\\\/schema\\\/logo\\\/image\\\/\"},\"sameAs\":[\"https:\\\/\\\/www.facebook.com\\\/people\\\/Ltincelle-dAurel\\\/61566151084639\\\/\",\"https:\\\/\\\/www.instagram.com\\\/letincelledaurel\\\/\"]}]}<\/script>\n<!-- \/ Yoast SEO plugin. -->","yoast_head_json":{"title":"Suspension odeur de plage - L&#039;\u00c9tincelle d&#039;Aurel","robots":{"index":"index","follow":"follow","max-snippet":"max-snippet:-1","max-image-preview":"max-image-preview:large","max-video-preview":"max-video-preview:-1"},"canonical":"https:\/\/letincelledaurel.fr\/index.php\/produit\/suspension-odeur-de-plage\/","og_locale":"fr_FR","og_type":"article","og_title":"Suspension odeur de plage - L&#039;\u00c9tincelle d&#039;Aurel","og_description":"C\u2019est une suspension qui diffuse pendant environ 3 mois, une douce odeur de coco qui rappelle le soleil, les vacances et la plage. Elle est compos\u00e9 de petits coquillages, de petits cailloux et de fleurs s\u00e9ch\u00e9es qui peuvent vari\u00e9e car je les ramasses durant mes vacances.","og_url":"https:\/\/letincelledaurel.fr\/index.php\/produit\/suspension-odeur-de-plage\/","og_site_name":"L&#039;\u00c9tincelle d&#039;Aurel","article_publisher":"https:\/\/www.facebook.com\/people\/Ltincelle-dAurel\/61566151084639\/","article_modified_time":"2026-04-23T09:58:05+00:00","og_image":[{"width":896,"height":1195,"url":"https:\/\/letincelledaurel.fr\/wp-content\/uploads\/2024\/11\/Gemini_Generated_Image_aeylu1aeylu1aeyl.png","type":"image\/png"}],"twitter_card":"summary_large_image","twitter_misc":{"Dur\u00e9e de lecture estim\u00e9e":"2 minutes"},"schema":{"@context":"https:\/\/schema.org","@graph":[{"@type":"WebPage","@id":"https:\/\/letincelledaurel.fr\/index.php\/produit\/suspension-odeur-de-plage\/","url":"https:\/\/letincelledaurel.fr\/index.php\/produit\/suspension-odeur-de-plage\/","name":"Suspension odeur de plage - L&#039;\u00c9tincelle d&#039;Aurel","isPartOf":{"@id":"https:\/\/letincelledaurel.fr\/#website"},"primaryImageOfPage":{"@id":"https:\/\/letincelledaurel.fr\/index.php\/produit\/suspension-odeur-de-plage\/#primaryimage"},"image":{"@id":"https:\/\/letincelledaurel.fr\/index.php\/produit\/suspension-odeur-de-plage\/#primaryimage"},"thumbnailUrl":"https:\/\/letincelledaurel.fr\/wp-content\/uploads\/2024\/11\/Gemini_Generated_Image_aeylu1aeylu1aeyl.png","datePublished":"2024-11-03T13:12:17+00:00","dateModified":"2026-04-23T09:58:05+00:00","breadcrumb":{"@id":"https:\/\/letincelledaurel.fr\/index.php\/produit\/suspension-odeur-de-plage\/#breadcrumb"},"inLanguage":"fr-FR","potentialAction":[{"@type":"ReadAction","target":["https:\/\/letincelledaurel.fr\/index.php\/produit\/suspension-odeur-de-plage\/"]}]},{"@type":"ImageObject","inLanguage":"fr-FR","@id":"https:\/\/letincelledaurel.fr\/index.php\/produit\/suspension-odeur-de-plage\/#primaryimage","url":"https:\/\/letincelledaurel.fr\/wp-content\/uploads\/2024\/11\/Gemini_Generated_Image_aeylu1aeylu1aeyl.png","contentUrl":"https:\/\/letincelledaurel.fr\/wp-content\/uploads\/2024\/11\/Gemini_Generated_Image_aeylu1aeylu1aeyl.png","width":896,"height":1195},{"@type":"BreadcrumbList","@id":"https:\/\/letincelledaurel.fr\/index.php\/produit\/suspension-odeur-de-plage\/#breadcrumb","itemListElement":[{"@type":"ListItem","position":1,"name":"Accueil","item":"https:\/\/letincelledaurel.fr\/"},{"@type":"ListItem","position":2,"name":"Boutique","item":"https:\/\/letincelledaurel.fr\/index.php\/boutique\/"},{"@type":"ListItem","position":3,"name":"Suspension odeur de plage"}]},{"@type":"WebSite","@id":"https:\/\/letincelledaurel.fr\/#website","url":"https:\/\/letincelledaurel.fr\/","name":"L'\u00c9tincelle d'Aurel","description":"Un site utilisant WordPress","publisher":{"@id":"https:\/\/letincelledaurel.fr\/#organization"},"potentialAction":[{"@type":"SearchAction","target":{"@type":"EntryPoint","urlTemplate":"https:\/\/letincelledaurel.fr\/?s={search_term_string}"},"query-input":{"@type":"PropertyValueSpecification","valueRequired":true,"valueName":"search_term_string"}}],"inLanguage":"fr-FR"},{"@type":"Organization","@id":"https:\/\/letincelledaurel.fr\/#organization","name":"L'\u00c9tincelle d'Aurel","url":"https:\/\/letincelledaurel.fr\/","logo":{"@type":"ImageObject","inLanguage":"fr-FR","@id":"https:\/\/letincelledaurel.fr\/#\/schema\/logo\/image\/","url":"https:\/\/letincelledaurel.fr\/wp-content\/uploads\/2025\/02\/cropped-Group-3-6-1.png","contentUrl":"https:\/\/letincelledaurel.fr\/wp-content\/uploads\/2025\/02\/cropped-Group-3-6-1.png","width":943,"height":984,"caption":"L'\u00c9tincelle d'Aurel"},"image":{"@id":"https:\/\/letincelledaurel.fr\/#\/schema\/logo\/image\/"},"sameAs":["https:\/\/www.facebook.com\/people\/Ltincelle-dAurel\/61566151084639\/","https:\/\/www.instagram.com\/letincelledaurel\/"]}]}},"_links":{"self":[{"href":"https:\/\/letincelledaurel.fr\/index.php\/wp-json\/wp\/v2\/product\/209","targetHints":{"allow":["GET"]}}],"collection":[{"href":"https:\/\/letincelledaurel.fr\/index.php\/wp-json\/wp\/v2\/product"}],"about":[{"href":"https:\/\/letincelledaurel.fr\/index.php\/wp-json\/wp\/v2\/types\/product"}],"version-history":[{"count":3,"href":"https:\/\/letincelledaurel.fr\/index.php\/wp-json\/wp\/v2\/product\/209\/revisions"}],"predecessor-version":[{"id":1579,"href":"https:\/\/letincelledaurel.fr\/index.php\/wp-json\/wp\/v2\/product\/209\/revisions\/1579"}],"wp:featuredmedia":[{"embeddable":true,"href":"https:\/\/letincelledaurel.fr\/index.php\/wp-json\/wp\/v2\/media\/1578"}],"wp:attachment":[{"href":"https:\/\/letincelledaurel.fr\/index.php\/wp-json\/wp\/v2\/media?parent=209"}],"wp:term":[{"taxonomy":"product_brand","embeddable":true,"href":"https:\/\/letincelledaurel.fr\/index.php\/wp-json\/wp\/v2\/product_brand?post=209"},{"taxonomy":"product_cat","embeddable":true,"href":"https:\/\/letincelledaurel.fr\/index.php\/wp-json\/wp\/v2\/product_cat?post=209"},{"taxonomy":"product_tag","embeddable":true,"href":"https:\/\/letincelledaurel.fr\/index.php\/wp-json\/wp\/v2\/product_tag?post=209"}],"curies":[{"name":"wp","href":"https:\/\/api.w.org\/{rel}","templated":true}]}}