{"id":212,"date":"2024-11-03T14:18:45","date_gmt":"2024-11-03T13:18:45","guid":{"rendered":"https:\/\/letincelledaurel.fr\/?post_type=product&#038;p=212"},"modified":"2026-04-23T12:56:25","modified_gmt":"2026-04-23T10:56:25","slug":"suspension-attrape-reve","status":"publish","type":"product","link":"https:\/\/letincelledaurel.fr\/index.php\/produit\/suspension-attrape-reve\/","title":{"rendered":"Suspension attrape r\u00eave"},"content":{"rendered":"<p>Laissez-vous s\u00e9duire par cette suspension parfum\u00e9e, qui diffuse d\u00e9licatement une fragrance douce et enveloppante pendant environ 3 mois, pour parfumer votre int\u00e9rieur avec \u00e9l\u00e9gance et subtilit\u00e9 au quotidien.<\/p>\n<h4>Information<\/h4>\n<p>Elle est compos\u00e9 de petites perles, plumes de couleurs ou fleurs s\u00e9ch\u00e9es.<br \/>\nC\u2019est de la cire de coco, elle p\u00e8se 20g<\/p>\n<h4>Pyramide olfactive<\/h4>\n<p><img fetchpriority=\"high\" decoding=\"async\" class=\"alignnone wp-image-213\" src=\"https:\/\/letincelledaurel.fr\/wp-content\/uploads\/2024\/11\/Note-4-300x155.png\" alt=\"\" width=\"800\" height=\"414\" srcset=\"https:\/\/letincelledaurel.fr\/wp-content\/uploads\/2024\/11\/Note-4-300x155.png 300w, https:\/\/letincelledaurel.fr\/wp-content\/uploads\/2024\/11\/Note-4-1024x531.png 1024w, https:\/\/letincelledaurel.fr\/wp-content\/uploads\/2024\/11\/Note-4-768x398.png 768w, https:\/\/letincelledaurel.fr\/wp-content\/uploads\/2024\/11\/Note-4-1536x796.png 1536w, https:\/\/letincelledaurel.fr\/wp-content\/uploads\/2024\/11\/Note-4-2048x1061.png 2048w, https:\/\/letincelledaurel.fr\/wp-content\/uploads\/2024\/11\/Note-4-600x311.png 600w\" sizes=\"(max-width: 800px) 100vw, 800px\" \/><\/p>\n<h4>Conseil d\u2019utilisation<\/h4>\n<p>Ne pas la poser directement sur les v\u00eatements.<br \/>\nPr\u00e9cautions d\u2019utilisation<br \/>\n<strong>Tenir hors de port\u00e9e des enfants et des animaux<\/strong><\/p>\n<p>&nbsp;<\/p>\n<h4>L\u00e9gislation<\/h4>\n<p><img decoding=\"async\" class=\"alignnone size-medium wp-image-1072\" src=\"https:\/\/letincelledaurel.fr\/wp-content\/uploads\/2024\/11\/suspension-parfumee-attrape-reve-2-1-300x209.jpg\" alt=\"\" width=\"300\" height=\"209\" srcset=\"https:\/\/letincelledaurel.fr\/wp-content\/uploads\/2024\/11\/suspension-parfumee-attrape-reve-2-1-300x209.jpg 300w, https:\/\/letincelledaurel.fr\/wp-content\/uploads\/2024\/11\/suspension-parfumee-attrape-reve-2-1-768x535.jpg 768w, https:\/\/letincelledaurel.fr\/wp-content\/uploads\/2024\/11\/suspension-parfumee-attrape-reve-2-1-600x418.jpg 600w, https:\/\/letincelledaurel.fr\/wp-content\/uploads\/2024\/11\/suspension-parfumee-attrape-reve-2-1.jpg 800w\" sizes=\"(max-width: 300px) 100vw, 300px\" \/><\/p>\n","protected":false},"excerpt":{"rendered":"<p>Laissez-vous s\u00e9duire par cette suspension parfum\u00e9e, qui diffuse d\u00e9licatement une fragrance douce et enveloppante pendant environ 3 mois, pour parfumer votre int\u00e9rieur avec \u00e9l\u00e9gance et subtilit\u00e9 au quotidien.<\/p>\n","protected":false},"featured_media":1588,"template":"","meta":{"_eb_attr":"","site-sidebar-layout":"default","site-content-layout":"","ast-site-content-layout":"default","site-content-style":"default","site-sidebar-style":"default","ast-global-header-display":"","ast-banner-title-visibility":"","ast-main-header-display":"","ast-hfb-above-header-display":"","ast-hfb-below-header-display":"","ast-hfb-mobile-header-display":"","site-post-title":"","ast-breadcrumbs-content":"","ast-featured-img":"","footer-sml-layout":"","ast-disable-related-posts":"","theme-transparent-header-meta":"default","adv-header-id-meta":"","stick-header-meta":"","header-above-stick-meta":"","header-main-stick-meta":"","header-below-stick-meta":"","astra-migrate-meta-layouts":"set","ast-page-background-enabled":"default","ast-page-background-meta":{"desktop":{"background-color":"var(--ast-global-color-5)","background-image":"","background-repeat":"repeat","background-position":"center center","background-size":"auto","background-attachment":"scroll","background-type":"","background-media":"","overlay-type":"","overlay-color":"","overlay-opacity":"","overlay-gradient":""},"tablet":{"background-color":"","background-image":"","background-repeat":"repeat","background-position":"center center","background-size":"auto","background-attachment":"scroll","background-type":"","background-media":"","overlay-type":"","overlay-color":"","overlay-opacity":"","overlay-gradient":""},"mobile":{"background-color":"","background-image":"","background-repeat":"repeat","background-position":"center center","background-size":"auto","background-attachment":"scroll","background-type":"","background-media":"","overlay-type":"","overlay-color":"","overlay-opacity":"","overlay-gradient":""}},"ast-content-background-meta":{"desktop":{"background-color":"var(--ast-global-color-4)","background-image":"","background-repeat":"repeat","background-position":"center center","background-size":"auto","background-attachment":"scroll","background-type":"","background-media":"","overlay-type":"","overlay-color":"","overlay-opacity":"","overlay-gradient":""},"tablet":{"background-color":"var(--ast-global-color-4)","background-image":"","background-repeat":"repeat","background-position":"center center","background-size":"auto","background-attachment":"scroll","background-type":"","background-media":"","overlay-type":"","overlay-color":"","overlay-opacity":"","overlay-gradient":""},"mobile":{"background-color":"var(--ast-global-color-4)","background-image":"","background-repeat":"repeat","background-position":"center center","background-size":"auto","background-attachment":"scroll","background-type":"","background-media":"","overlay-type":"","overlay-color":"","overlay-opacity":"","overlay-gradient":""}}},"product_brand":[],"product_cat":[20,26],"product_tag":[],"class_list":{"0":"post-212","1":"product","2":"type-product","3":"status-publish","4":"has-post-thumbnail","6":"product_cat-bougies","7":"product_cat-suspensions-parfumees","8":"desktop-align-left","9":"tablet-align-left","10":"mobile-align-left","12":"first","13":"instock","14":"shipping-taxable","15":"purchasable","16":"product-type-simple"},"yoast_head":"<!-- This site is optimized with the Yoast SEO plugin v27.4 - https:\/\/yoast.com\/product\/yoast-seo-wordpress\/ -->\n<title>Suspension attrape r\u00eave - L&#039;\u00c9tincelle d&#039;Aurel<\/title>\n<meta name=\"robots\" content=\"index, follow, max-snippet:-1, max-image-preview:large, max-video-preview:-1\" \/>\n<link rel=\"canonical\" href=\"https:\/\/letincelledaurel.fr\/index.php\/produit\/suspension-attrape-reve\/\" \/>\n<meta property=\"og:locale\" content=\"fr_FR\" \/>\n<meta property=\"og:type\" content=\"article\" \/>\n<meta property=\"og:title\" content=\"Suspension attrape r\u00eave - L&#039;\u00c9tincelle d&#039;Aurel\" \/>\n<meta property=\"og:description\" content=\"Laissez-vous s\u00e9duire par cette suspension parfum\u00e9e, qui diffuse d\u00e9licatement une fragrance douce et enveloppante pendant environ 3 mois, pour parfumer votre int\u00e9rieur avec \u00e9l\u00e9gance et subtilit\u00e9 au quotidien.\" \/>\n<meta property=\"og:url\" content=\"https:\/\/letincelledaurel.fr\/index.php\/produit\/suspension-attrape-reve\/\" \/>\n<meta property=\"og:site_name\" content=\"L&#039;\u00c9tincelle d&#039;Aurel\" \/>\n<meta property=\"article:publisher\" content=\"https:\/\/www.facebook.com\/people\/Ltincelle-dAurel\/61566151084639\/\" \/>\n<meta property=\"article:modified_time\" content=\"2026-04-23T10:56:25+00:00\" \/>\n<meta property=\"og:image\" content=\"https:\/\/letincelledaurel.fr\/wp-content\/uploads\/2026\/04\/Gemini_Generated_Image_ym6zrzym6zrzym6z.png\" \/>\n\t<meta property=\"og:image:width\" content=\"896\" \/>\n\t<meta property=\"og:image:height\" content=\"1195\" \/>\n\t<meta property=\"og:image:type\" content=\"image\/png\" \/>\n<meta name=\"twitter:card\" content=\"summary_large_image\" \/>\n<meta name=\"twitter:label1\" content=\"Dur\u00e9e de lecture estim\u00e9e\" \/>\n\t<meta name=\"twitter:data1\" content=\"1 minute\" \/>\n<script type=\"application\/ld+json\" class=\"yoast-schema-graph\">{\"@context\":\"https:\\\/\\\/schema.org\",\"@graph\":[{\"@type\":\"WebPage\",\"@id\":\"https:\\\/\\\/letincelledaurel.fr\\\/index.php\\\/produit\\\/suspension-attrape-reve\\\/\",\"url\":\"https:\\\/\\\/letincelledaurel.fr\\\/index.php\\\/produit\\\/suspension-attrape-reve\\\/\",\"name\":\"Suspension attrape r\u00eave - L&#039;\u00c9tincelle d&#039;Aurel\",\"isPartOf\":{\"@id\":\"https:\\\/\\\/letincelledaurel.fr\\\/#website\"},\"primaryImageOfPage\":{\"@id\":\"https:\\\/\\\/letincelledaurel.fr\\\/index.php\\\/produit\\\/suspension-attrape-reve\\\/#primaryimage\"},\"image\":{\"@id\":\"https:\\\/\\\/letincelledaurel.fr\\\/index.php\\\/produit\\\/suspension-attrape-reve\\\/#primaryimage\"},\"thumbnailUrl\":\"https:\\\/\\\/letincelledaurel.fr\\\/wp-content\\\/uploads\\\/2026\\\/04\\\/Gemini_Generated_Image_ym6zrzym6zrzym6z.png\",\"datePublished\":\"2024-11-03T13:18:45+00:00\",\"dateModified\":\"2026-04-23T10:56:25+00:00\",\"breadcrumb\":{\"@id\":\"https:\\\/\\\/letincelledaurel.fr\\\/index.php\\\/produit\\\/suspension-attrape-reve\\\/#breadcrumb\"},\"inLanguage\":\"fr-FR\",\"potentialAction\":[{\"@type\":\"ReadAction\",\"target\":[\"https:\\\/\\\/letincelledaurel.fr\\\/index.php\\\/produit\\\/suspension-attrape-reve\\\/\"]}]},{\"@type\":\"ImageObject\",\"inLanguage\":\"fr-FR\",\"@id\":\"https:\\\/\\\/letincelledaurel.fr\\\/index.php\\\/produit\\\/suspension-attrape-reve\\\/#primaryimage\",\"url\":\"https:\\\/\\\/letincelledaurel.fr\\\/wp-content\\\/uploads\\\/2026\\\/04\\\/Gemini_Generated_Image_ym6zrzym6zrzym6z.png\",\"contentUrl\":\"https:\\\/\\\/letincelledaurel.fr\\\/wp-content\\\/uploads\\\/2026\\\/04\\\/Gemini_Generated_Image_ym6zrzym6zrzym6z.png\",\"width\":896,\"height\":1195},{\"@type\":\"BreadcrumbList\",\"@id\":\"https:\\\/\\\/letincelledaurel.fr\\\/index.php\\\/produit\\\/suspension-attrape-reve\\\/#breadcrumb\",\"itemListElement\":[{\"@type\":\"ListItem\",\"position\":1,\"name\":\"Accueil\",\"item\":\"https:\\\/\\\/letincelledaurel.fr\\\/\"},{\"@type\":\"ListItem\",\"position\":2,\"name\":\"Boutique\",\"item\":\"https:\\\/\\\/letincelledaurel.fr\\\/index.php\\\/boutique\\\/\"},{\"@type\":\"ListItem\",\"position\":3,\"name\":\"Suspension attrape r\u00eave\"}]},{\"@type\":\"WebSite\",\"@id\":\"https:\\\/\\\/letincelledaurel.fr\\\/#website\",\"url\":\"https:\\\/\\\/letincelledaurel.fr\\\/\",\"name\":\"L'\u00c9tincelle d'Aurel\",\"description\":\"Un site utilisant WordPress\",\"publisher\":{\"@id\":\"https:\\\/\\\/letincelledaurel.fr\\\/#organization\"},\"potentialAction\":[{\"@type\":\"SearchAction\",\"target\":{\"@type\":\"EntryPoint\",\"urlTemplate\":\"https:\\\/\\\/letincelledaurel.fr\\\/?s={search_term_string}\"},\"query-input\":{\"@type\":\"PropertyValueSpecification\",\"valueRequired\":true,\"valueName\":\"search_term_string\"}}],\"inLanguage\":\"fr-FR\"},{\"@type\":\"Organization\",\"@id\":\"https:\\\/\\\/letincelledaurel.fr\\\/#organization\",\"name\":\"L'\u00c9tincelle d'Aurel\",\"url\":\"https:\\\/\\\/letincelledaurel.fr\\\/\",\"logo\":{\"@type\":\"ImageObject\",\"inLanguage\":\"fr-FR\",\"@id\":\"https:\\\/\\\/letincelledaurel.fr\\\/#\\\/schema\\\/logo\\\/image\\\/\",\"url\":\"https:\\\/\\\/letincelledaurel.fr\\\/wp-content\\\/uploads\\\/2025\\\/02\\\/cropped-Group-3-6-1.png\",\"contentUrl\":\"https:\\\/\\\/letincelledaurel.fr\\\/wp-content\\\/uploads\\\/2025\\\/02\\\/cropped-Group-3-6-1.png\",\"width\":943,\"height\":984,\"caption\":\"L'\u00c9tincelle d'Aurel\"},\"image\":{\"@id\":\"https:\\\/\\\/letincelledaurel.fr\\\/#\\\/schema\\\/logo\\\/image\\\/\"},\"sameAs\":[\"https:\\\/\\\/www.facebook.com\\\/people\\\/Ltincelle-dAurel\\\/61566151084639\\\/\",\"https:\\\/\\\/www.instagram.com\\\/letincelledaurel\\\/\"]}]}<\/script>\n<!-- \/ Yoast SEO plugin. -->","yoast_head_json":{"title":"Suspension attrape r\u00eave - L&#039;\u00c9tincelle d&#039;Aurel","robots":{"index":"index","follow":"follow","max-snippet":"max-snippet:-1","max-image-preview":"max-image-preview:large","max-video-preview":"max-video-preview:-1"},"canonical":"https:\/\/letincelledaurel.fr\/index.php\/produit\/suspension-attrape-reve\/","og_locale":"fr_FR","og_type":"article","og_title":"Suspension attrape r\u00eave - L&#039;\u00c9tincelle d&#039;Aurel","og_description":"Laissez-vous s\u00e9duire par cette suspension parfum\u00e9e, qui diffuse d\u00e9licatement une fragrance douce et enveloppante pendant environ 3 mois, pour parfumer votre int\u00e9rieur avec \u00e9l\u00e9gance et subtilit\u00e9 au quotidien.","og_url":"https:\/\/letincelledaurel.fr\/index.php\/produit\/suspension-attrape-reve\/","og_site_name":"L&#039;\u00c9tincelle d&#039;Aurel","article_publisher":"https:\/\/www.facebook.com\/people\/Ltincelle-dAurel\/61566151084639\/","article_modified_time":"2026-04-23T10:56:25+00:00","og_image":[{"width":896,"height":1195,"url":"https:\/\/letincelledaurel.fr\/wp-content\/uploads\/2026\/04\/Gemini_Generated_Image_ym6zrzym6zrzym6z.png","type":"image\/png"}],"twitter_card":"summary_large_image","twitter_misc":{"Dur\u00e9e de lecture estim\u00e9e":"1 minute"},"schema":{"@context":"https:\/\/schema.org","@graph":[{"@type":"WebPage","@id":"https:\/\/letincelledaurel.fr\/index.php\/produit\/suspension-attrape-reve\/","url":"https:\/\/letincelledaurel.fr\/index.php\/produit\/suspension-attrape-reve\/","name":"Suspension attrape r\u00eave - L&#039;\u00c9tincelle d&#039;Aurel","isPartOf":{"@id":"https:\/\/letincelledaurel.fr\/#website"},"primaryImageOfPage":{"@id":"https:\/\/letincelledaurel.fr\/index.php\/produit\/suspension-attrape-reve\/#primaryimage"},"image":{"@id":"https:\/\/letincelledaurel.fr\/index.php\/produit\/suspension-attrape-reve\/#primaryimage"},"thumbnailUrl":"https:\/\/letincelledaurel.fr\/wp-content\/uploads\/2026\/04\/Gemini_Generated_Image_ym6zrzym6zrzym6z.png","datePublished":"2024-11-03T13:18:45+00:00","dateModified":"2026-04-23T10:56:25+00:00","breadcrumb":{"@id":"https:\/\/letincelledaurel.fr\/index.php\/produit\/suspension-attrape-reve\/#breadcrumb"},"inLanguage":"fr-FR","potentialAction":[{"@type":"ReadAction","target":["https:\/\/letincelledaurel.fr\/index.php\/produit\/suspension-attrape-reve\/"]}]},{"@type":"ImageObject","inLanguage":"fr-FR","@id":"https:\/\/letincelledaurel.fr\/index.php\/produit\/suspension-attrape-reve\/#primaryimage","url":"https:\/\/letincelledaurel.fr\/wp-content\/uploads\/2026\/04\/Gemini_Generated_Image_ym6zrzym6zrzym6z.png","contentUrl":"https:\/\/letincelledaurel.fr\/wp-content\/uploads\/2026\/04\/Gemini_Generated_Image_ym6zrzym6zrzym6z.png","width":896,"height":1195},{"@type":"BreadcrumbList","@id":"https:\/\/letincelledaurel.fr\/index.php\/produit\/suspension-attrape-reve\/#breadcrumb","itemListElement":[{"@type":"ListItem","position":1,"name":"Accueil","item":"https:\/\/letincelledaurel.fr\/"},{"@type":"ListItem","position":2,"name":"Boutique","item":"https:\/\/letincelledaurel.fr\/index.php\/boutique\/"},{"@type":"ListItem","position":3,"name":"Suspension attrape r\u00eave"}]},{"@type":"WebSite","@id":"https:\/\/letincelledaurel.fr\/#website","url":"https:\/\/letincelledaurel.fr\/","name":"L'\u00c9tincelle d'Aurel","description":"Un site utilisant WordPress","publisher":{"@id":"https:\/\/letincelledaurel.fr\/#organization"},"potentialAction":[{"@type":"SearchAction","target":{"@type":"EntryPoint","urlTemplate":"https:\/\/letincelledaurel.fr\/?s={search_term_string}"},"query-input":{"@type":"PropertyValueSpecification","valueRequired":true,"valueName":"search_term_string"}}],"inLanguage":"fr-FR"},{"@type":"Organization","@id":"https:\/\/letincelledaurel.fr\/#organization","name":"L'\u00c9tincelle d'Aurel","url":"https:\/\/letincelledaurel.fr\/","logo":{"@type":"ImageObject","inLanguage":"fr-FR","@id":"https:\/\/letincelledaurel.fr\/#\/schema\/logo\/image\/","url":"https:\/\/letincelledaurel.fr\/wp-content\/uploads\/2025\/02\/cropped-Group-3-6-1.png","contentUrl":"https:\/\/letincelledaurel.fr\/wp-content\/uploads\/2025\/02\/cropped-Group-3-6-1.png","width":943,"height":984,"caption":"L'\u00c9tincelle d'Aurel"},"image":{"@id":"https:\/\/letincelledaurel.fr\/#\/schema\/logo\/image\/"},"sameAs":["https:\/\/www.facebook.com\/people\/Ltincelle-dAurel\/61566151084639\/","https:\/\/www.instagram.com\/letincelledaurel\/"]}]}},"_links":{"self":[{"href":"https:\/\/letincelledaurel.fr\/index.php\/wp-json\/wp\/v2\/product\/212","targetHints":{"allow":["GET"]}}],"collection":[{"href":"https:\/\/letincelledaurel.fr\/index.php\/wp-json\/wp\/v2\/product"}],"about":[{"href":"https:\/\/letincelledaurel.fr\/index.php\/wp-json\/wp\/v2\/types\/product"}],"version-history":[{"count":5,"href":"https:\/\/letincelledaurel.fr\/index.php\/wp-json\/wp\/v2\/product\/212\/revisions"}],"predecessor-version":[{"id":1524,"href":"https:\/\/letincelledaurel.fr\/index.php\/wp-json\/wp\/v2\/product\/212\/revisions\/1524"}],"wp:featuredmedia":[{"embeddable":true,"href":"https:\/\/letincelledaurel.fr\/index.php\/wp-json\/wp\/v2\/media\/1588"}],"wp:attachment":[{"href":"https:\/\/letincelledaurel.fr\/index.php\/wp-json\/wp\/v2\/media?parent=212"}],"wp:term":[{"taxonomy":"product_brand","embeddable":true,"href":"https:\/\/letincelledaurel.fr\/index.php\/wp-json\/wp\/v2\/product_brand?post=212"},{"taxonomy":"product_cat","embeddable":true,"href":"https:\/\/letincelledaurel.fr\/index.php\/wp-json\/wp\/v2\/product_cat?post=212"},{"taxonomy":"product_tag","embeddable":true,"href":"https:\/\/letincelledaurel.fr\/index.php\/wp-json\/wp\/v2\/product_tag?post=212"}],"curies":[{"name":"wp","href":"https:\/\/api.w.org\/{rel}","templated":true}]}}